{"id":2738,"date":"2025-03-04T23:45:57","date_gmt":"2025-03-04T21:45:57","guid":{"rendered":"https:\/\/www.askolankokoomus.fi\/?page_id=2738"},"modified":"2025-03-16T23:40:27","modified_gmt":"2025-03-16T21:40:27","slug":"nro-xx-taija-kamarainen","status":"publish","type":"page","link":"https:\/\/www.askolankokoomus.fi\/?page_id=2738","title":{"rendered":"Nro 37 &#8211; Taija K\u00e4m\u00e4r\u00e4inen"},"content":{"rendered":"<p><a href=\"https:\/\/www.askolankokoomus.fi\/?attachment_id=2795\" rel=\"attachment wp-att-2795\"><img loading=\"lazy\" decoding=\"async\" class=\"alignleft size-medium wp-image-2795\" src=\"https:\/\/www.askolankokoomus.fi\/wp-content\/uploads\/2025\/03\/IMG-20250305-WA0029-218x300.jpg\" alt=\"\" width=\"218\" height=\"300\" srcset=\"https:\/\/www.askolankokoomus.fi\/wp-content\/uploads\/2025\/03\/IMG-20250305-WA0029-218x300.jpg 218w, https:\/\/www.askolankokoomus.fi\/wp-content\/uploads\/2025\/03\/IMG-20250305-WA0029-744x1024.jpg 744w, https:\/\/www.askolankokoomus.fi\/wp-content\/uploads\/2025\/03\/IMG-20250305-WA0029-768x1057.jpg 768w, https:\/\/www.askolankokoomus.fi\/wp-content\/uploads\/2025\/03\/IMG-20250305-WA0029-1116x1536.jpg 1116w, https:\/\/www.askolankokoomus.fi\/wp-content\/uploads\/2025\/03\/IMG-20250305-WA0029.jpg 1162w\" sizes=\"auto, (max-width: 218px) 100vw, 218px\" \/><\/a>Hei!<br \/>\nOlen <strong>Taija K\u00e4m\u00e4r\u00e4inen<\/strong>, 44-vuotias viiden lapsen \u00e4iti ja luokanopettaja Askolan kirkonkyl\u00e4lt\u00e4. Olen kotoisin H\u00e4meenlinnasta ja muuttanut erin\u00e4isten mutkien kautta Askolan S\u00e4rkij\u00e4rvelle vuonna 2008, josta edelleen kirkonkyl\u00e4lle 2017.<\/p>\n<p>Valmistuin luokanopettajaksi Joensuun yliopistosta vuonna 2006 ja ty\u00f6ura on vienyt M\u00e4nts\u00e4l\u00e4n, Lapinj\u00e4rven ja Keravan kautta Monninkyl\u00e4n alakouluun. Luokanopettajatutkinnon lis\u00e4ksi, minulla on biologian aineenopettajan sek\u00e4 rehtorin p\u00e4tevyys. Olen toiminut luokanopettajaurani varrella my\u00f6s vararehtorina sek\u00e4 Jukon p\u00e4\u00e4luottamusmiehen\u00e4. Viel\u00e4kin voin sanoa olevani unelmieni ammatissa ja etuoikeutettu saadessani seurata mahtavia oppi- ja kasvutarinoita. Meill\u00e4 Askolassa on mahtavat lapset ja nuoret, joista saamme olla ylpeit\u00e4!<\/p>\n<p>Toimin Askolan kunnanvaltuutettuna kaudella 2017-2021, joista ensimm\u00e4iset kaksi vuotta valtuuston puheenjohtajana. Ajattelen, ett\u00e4 nyt olisi taas t\u00e4rke\u00e4\u00e4 palata puolustamaan mm. lasten ja nuorten palveluita, erityisesti toimivaa ja hyvinvoivaa nykyist\u00e4 kouluverkkoa. Lapsen oikeus on l\u00e4hell\u00e4 oleva l\u00e4hikoulu ja siit\u00e4 kannattaa Askolassa pit\u00e4\u00e4 kiinni. Muiden kuntien ajaessa kyl\u00e4kouluja alas, pidet\u00e4\u00e4n me kyl\u00e4koulut pito- ja vetovoimatekij\u00e4n\u00e4.<\/p>\n<p>Hyvinvoivan kunnan t\u00e4rkeit\u00e4 tunnusmerkkej\u00e4 ovat toimiva talous, l\u00e4hipalvelut sek\u00e4 turvalliset ja terveet tilat. N\u00e4iden eteen pit\u00e4\u00e4 tehd\u00e4 ty\u00f6t\u00e4 johdonmukaisesti ja pitk\u00e4j\u00e4nteisesti, jotta olemassa olevat palvelut voidaan s\u00e4ilytt\u00e4\u00e4 ja palveluiden laatu taata. Kunnan talouskasvua mahdollistaisi osaltaan esimerkiksi entist\u00e4 aktiivisempi ja edullisempi tonttimyynti omakoti- ja yritysrakentamiseen. Markkinointi t\u00e4ss\u00e4 ja ylip\u00e4\u00e4ns\u00e4 positiivisen kuntakuvan luominen kaikessa kunnan markkinoinnissa ovat avainasemassa. My\u00f6s yritysten toimintaymp\u00e4rist\u00f6\u00e4 tulee edelleen kehitt\u00e4\u00e4 yhteisty\u00f6ss\u00e4 paikallisten yritysten kanssa.<\/p>\n<p>Jotta Askolassa viihtyy, niin t\u00e4m\u00e4n hetken asukkaat kuin tulevatkin, kunnan alueista pit\u00e4\u00e4 huolehtia, my\u00f6s luonto- ja liikuntakohteiden osalta. Esimerkiksi uimarantojen ja luontokohteiden opasteita parantamalla voidaan saada hyvi\u00e4 muutoksia aikaan, jo olemassa olevia asioita korostamalla. Hyvin opastetut ja hoidetut ulkoilupaikat j\u00e4tt\u00e4v\u00e4t kauniin muistij\u00e4ljen my\u00f6s kunnassa vieraileville.<\/p>\n<p>Ik\u00e4ihmisten asuminen on puhututtanut Askolassa jo pitk\u00e4\u00e4n ja mm. Senioritalosta on puhuttu jo useita vuosia. Samaan aikaan hyvinvointialueella on l\u00e4hdetty tavoittelemaan yhteis\u00f6llisen asumisen lis\u00e4\u00e4mist\u00e4. T\u00e4ss\u00e4 asiassa pit\u00e4\u00e4kin l\u00f6yt\u00e4\u00e4 nyt yhteiset intressit ja tavoitella tosissaan yhteis\u00f6llisen asumisen mahdollisuutta Askolaan. Samoin kunnan osaksi rahoittamaa tupatukihanketta tulee edelleen kehitt\u00e4\u00e4 osana kunnan lakis\u00e4\u00e4teist\u00e4 hyvinvointiteht\u00e4v\u00e4\u00e4.<\/p>\n<p>Lopuksi voisin viel\u00e4 todeta, ett\u00e4 Askolan koulut kaipaavat nyt kipe\u00e4sti vahvaa puolestapuhujaa, joka tiet\u00e4\u00e4 koulumaailman lainalaisuudet, joka osaa haastaa virkamiehi\u00e4 asiantuntemuksella kasvatus- ja opetusalasta. Askola tarvitsee valtuutettua, joka ei tee s\u00e4\u00e4st\u00f6j\u00e4 lapsista ja nuorista! \u00c4\u00e4nest\u00e4 jos luotat, numerolla 37. &#x1f499;<\/p>\n<p>-Jos n\u00e4et ja tunnistat kylill\u00e4, tule rohkeasti keskustelemaan ja kertomaan mik\u00e4 kunnassa pit\u00e4isi laittaa kuntoon. Tartun mielell\u00e4ni haasteeseen ja tahdon olla luottamuksenne arvoinen!<\/p>\n","protected":false},"excerpt":{"rendered":"<p>Hei! Olen Taija K\u00e4m\u00e4r\u00e4inen, 44-vuotias viiden lapsen \u00e4iti ja luokanopettaja Askolan kirkonkyl\u00e4lt\u00e4. Olen kotoisin H\u00e4meenlinnasta ja muuttanut erin\u00e4isten mutkien kautta Askolan S\u00e4rkij\u00e4rvelle vuonna 2008, josta edelleen kirkonkyl\u00e4lle 2017. Valmistuin luokanopettajaksi Joensuun yliopistosta vuonna 2006 ja ty\u00f6ura on vienyt M\u00e4nts\u00e4l\u00e4n, Lapinj\u00e4rven &hellip; <a href=\"https:\/\/www.askolankokoomus.fi\/?page_id=2738\">Lue loppuun <span class=\"meta-nav\">&rarr;<\/span><\/a><\/p>\n","protected":false},"author":1,"featured_media":0,"parent":2640,"menu_order":0,"comment_status":"closed","ping_status":"closed","template":"","meta":{"footnotes":""},"class_list":["post-2738","page","type-page","status-publish","hentry"],"_links":{"self":[{"href":"https:\/\/www.askolankokoomus.fi\/index.php?rest_route=\/wp\/v2\/pages\/2738","targetHints":{"allow":["GET"]}}],"collection":[{"href":"https:\/\/www.askolankokoomus.fi\/index.php?rest_route=\/wp\/v2\/pages"}],"about":[{"href":"https:\/\/www.askolankokoomus.fi\/index.php?rest_route=\/wp\/v2\/types\/page"}],"author":[{"embeddable":true,"href":"https:\/\/www.askolankokoomus.fi\/index.php?rest_route=\/wp\/v2\/users\/1"}],"replies":[{"embeddable":true,"href":"https:\/\/www.askolankokoomus.fi\/index.php?rest_route=%2Fwp%2Fv2%2Fcomments&post=2738"}],"version-history":[{"count":8,"href":"https:\/\/www.askolankokoomus.fi\/index.php?rest_route=\/wp\/v2\/pages\/2738\/revisions"}],"predecessor-version":[{"id":3004,"href":"https:\/\/www.askolankokoomus.fi\/index.php?rest_route=\/wp\/v2\/pages\/2738\/revisions\/3004"}],"up":[{"embeddable":true,"href":"https:\/\/www.askolankokoomus.fi\/index.php?rest_route=\/wp\/v2\/pages\/2640"}],"wp:attachment":[{"href":"https:\/\/www.askolankokoomus.fi\/index.php?rest_route=%2Fwp%2Fv2%2Fmedia&parent=2738"}],"curies":[{"name":"wp","href":"https:\/\/api.w.org\/{rel}","templated":true}]}}